{"id":5221,"date":"2015-03-02T20:17:16","date_gmt":"2015-03-02T18:17:16","guid":{"rendered":"http:\/\/kokkolaopera.com\/?page_id=5221"},"modified":"2015-06-11T20:15:27","modified_gmt":"2015-06-11T18:15:27","slug":"lulu-arkiv","status":"publish","type":"page","link":"https:\/\/kokkolaopera.com\/sv\/lulu-arkiv\/","title":{"rendered":"(2009) Alban Berg: Lulu"},"content":{"rendered":"<div class=\"wpb-content-wrapper\"><p>[vc_row][vc_column width=&#8221;1\/1&#8243;][vc_column_text]<\/p>\n<h3 style=\"text-align: left;\">(2009) Alban Berg: Lulu<\/h3>\n<p>[\/vc_column_text][\/vc_column][\/vc_row][vc_row][vc_column width=&#8221;1\/1&#8243;][vc_single_image image=&#8221;4040&#8243; style=&#8221;vc_box_outline&#8221; border_color=&#8221;black&#8221; img_link_large=&#8221;&#8221; img_link_target=&#8221;_self&#8221; img_size=&#8221;555&#8243;][\/vc_column][\/vc_row][vc_row][vc_column width=&#8221;1\/1&#8243;][vc_column_text]<em>&#8221;S\u00e4llan ( = aldrig) har man sett operas\u00e5ngare spela teater med s\u00e5 mycket svett i armh\u00e5lorna och skit under naglarna och sv\u00e5rt \u00e4r det att t\u00e4nka sig en mer samspelt v\u00e4lklingande, genuint kollektivt fungerande ensemble.&#8221;<br \/>\n<\/em><strong>Mats Liljeroos, HBL, 10.03.2009<\/strong>[\/vc_column_text][\/vc_column][\/vc_row][vc_row][vc_column width=&#8221;1\/1&#8243;][vc_column_text]<\/p>\n<h4>F\u00f6rest\u00e4llning<\/h4>\n<p>Regiss\u00f6r: Leea Klemola<br \/>\nDirigent: Sakari Oramo<br \/>\nDr\u00e4ktdesign: Tuomas Lampinen<br \/>\nLjusdesign: Tarja Ervasti<br \/>\nScenografi: Markku Siren<br \/>\nProduceras av: West Coast Kokkola Opera<br \/>\nOrkester: Radions Symfoniorkester[\/vc_column_text][vc_column_text]<\/p>\n<h4>I Huvudrollerna<\/h4>\n<p>Anu Komsi &#8211; Lulu<br \/>\nHilary Summers \u2013 promotorn Harriet Geschwitz<br \/>\nLasse Penttinen \u2013 Apan (Mahler) &amp; Prinssi \/ Prinsen<br \/>\nMati Turi &#8211; Alwa<br \/>\nHannu Niemel\u00e4 &#8211; Dr. Sch\u00f6n<br \/>\nRobert McLoud &#8211; Schigolch<br \/>\nPetri Antikainen \u2013 Atleten (Tierb\u00e4ndiger, Theaterdirektor)<br \/>\nAnnika Myll\u00e4ri &#8211; Djursk\u00f6taren Helga Fassbinder\u00a0(Theatergarderobiere, Kammerdiener)<br \/>\nTerhi Lampi \u2013 Ornitologen (Gymnasiast)[\/vc_column_text][\/vc_column][\/vc_row][vc_row][vc_column width=&#8221;1\/1&#8243;][\/vc_column][\/vc_row]<\/p>\n<\/div>","protected":false},"excerpt":{"rendered":"<p>[vc_row][vc_column width=&#8221;1\/1&#8243;][vc_column_text] (2009) Alban Berg: Lulu [\/vc_column_text][\/vc_column][\/vc_row][vc_row][vc_column width=&#8221;1\/1&#8243;][vc_single_image image=&#8221;4040&#8243; style=&#8221;vc_box_outline&#8221; border_color=&#8221;black&#8221; img_link_large=&#8221;&#8221; img_link_target=&#8221;_self&#8221; img_size=&#8221;555&#8243;][\/vc_column][\/vc_row][vc_row][vc_column width=&#8221;1\/1&#8243;][vc_column_text]&#8221;S\u00e4llan ( = aldrig) har man sett operas\u00e5ngare spela teater med s\u00e5 mycket svett i armh\u00e5lorna och skit under naglarna och sv\u00e5rt \u00e4r det att t\u00e4nka sig en mer samspelt v\u00e4lklingande, genuint kollektivt fungerande ensemble.&#8221; Mats Liljeroos, HBL, 10.03.2009[\/vc_column_text][\/vc_column][\/vc_row][vc_row][vc_column width=&#8221;1\/1&#8243;][vc_column_text] F\u00f6rest\u00e4llning &#8230; <a title=\"(2009) Alban Berg: Lulu\" class=\"read-more\" href=\"https:\/\/kokkolaopera.com\/sv\/lulu-arkiv\/\" aria-label=\"L\u00e4s mer om (2009) Alban Berg: Lulu\">L\u00e4s mer<\/a><\/p>\n","protected":false},"author":1,"featured_media":0,"parent":0,"menu_order":0,"comment_status":"open","ping_status":"closed","template":"","meta":{"ngg_post_thumbnail":0,"footnotes":""},"class_list":["post-5221","page","type-page","status-publish"],"_links":{"self":[{"href":"https:\/\/kokkolaopera.com\/sv\/wp-json\/wp\/v2\/pages\/5221","targetHints":{"allow":["GET"]}}],"collection":[{"href":"https:\/\/kokkolaopera.com\/sv\/wp-json\/wp\/v2\/pages"}],"about":[{"href":"https:\/\/kokkolaopera.com\/sv\/wp-json\/wp\/v2\/types\/page"}],"author":[{"embeddable":true,"href":"https:\/\/kokkolaopera.com\/sv\/wp-json\/wp\/v2\/users\/1"}],"replies":[{"embeddable":true,"href":"https:\/\/kokkolaopera.com\/sv\/wp-json\/wp\/v2\/comments?post=5221"}],"version-history":[{"count":0,"href":"https:\/\/kokkolaopera.com\/sv\/wp-json\/wp\/v2\/pages\/5221\/revisions"}],"wp:attachment":[{"href":"https:\/\/kokkolaopera.com\/sv\/wp-json\/wp\/v2\/media?parent=5221"}],"curies":[{"name":"wp","href":"https:\/\/api.w.org\/{rel}","templated":true}]}}