{"id":5213,"date":"2015-03-02T19:56:59","date_gmt":"2015-03-02T17:56:59","guid":{"rendered":"http:\/\/kokkolaopera.com\/?page_id=5213"},"modified":"2015-06-11T20:18:43","modified_gmt":"2015-06-11T18:18:43","slug":"hastarna-kommer-arkiv","status":"publish","type":"page","link":"https:\/\/kokkolaopera.com\/sv\/hastarna-kommer-arkiv\/","title":{"rendered":"(2009) Cary John Franklin: H\u00e4starna Kommer"},"content":{"rendered":"<div class=\"wpb-content-wrapper\"><p>[vc_row][vc_column width=&#8221;1\/1&#8243;][vc_column_text]<\/p>\n<h3 style=\"text-align: left;\">(2009)\u00a0H\u00e4starna Kommer -skolturn\u00e9<\/h3>\n<p>[\/vc_column_text][vc_column_text]7.9.-16.9.2009<\/p>\n<p>Karleby, Donnerska skolan, 7.-9.9.<br \/>\nNykarleby, Stj\u00e4rnhallen, 11.9.<br \/>\nNedervetil, 14.9.<br \/>\nJakobstad, Runebergssalen, 15.9.<br \/>\nJakobstad, Folkh\u00e4lsan, 16.9.<\/p>\n<p>H\u00e4starna kommer \u2013ensemblens operasommar var inte \u00f6ver, \u00e4ven om Karleby Operasommar hann upplevas och skolorna b\u00f6rjade. Barnoperan slapp n\u00e4mligen ut p\u00e5 turn\u00e9 i de \u00f6sterbottniska skolorna 7.-16.9. S\u00e5 vi skulle komma in i den r\u00e4tta st\u00e4mningen \u00f6vade vi under l\u00f6rdagen p\u00e5 Jungsborg och p\u00e5 s\u00f6ndagen h\u00f6lls ett genrep med ljus och allt p\u00e5 Donnerska skolan. Verket fanns fortfarande gott i minnet sedan sommaren. Att tiden g\u00e5r m\u00e4rktes \u00e4nd\u00e5 d\u00e5 m\u00e5nga av oss v\u00e4xt ur sina scenkl\u00e4der. Tanja, som fixar v\u00e5ra kl\u00e4der och kl\u00e4r oss under f\u00f6rest\u00e4llningarna, hade ju trots allt tagit m\u00e5tten p\u00e5 oss redan under v\u00e5rvintern![\/vc_column_text][\/vc_column][\/vc_row][vc_row][vc_column width=&#8221;1\/1&#8243;][vc_single_image image=&#8221;4058&#8243; style=&#8221;vc_box_outline&#8221; border_color=&#8221;black&#8221; img_link_large=&#8221;&#8221; img_link_target=&#8221;_self&#8221; img_size=&#8221;560&#8243;][\/vc_column][\/vc_row][vc_row][vc_column width=&#8221;1\/1&#8243;][vc_column_text]Foto: Mats Holmqvist<\/p>\n<p>Att upptr\u00e4da p\u00e5 ett nytt st\u00e4lle var nerv\u00f6st, vi funderade p\u00e5 hur vi skulle klara av att upptr\u00e4da d\u00e4r d\u00e5 scenen stod mot motsatt h\u00e5ll \u00e4n under sommaren. Vid Donnerska upptr\u00e4dde vi \u00e5t Karlebys b\u00e5de finsk- och svenskspr\u00e5kiga l\u00e5gstadier. Vi gjorde tv\u00e5 f\u00f6rest\u00e4llningar per dag. M\u00e5nga av oss fick upptr\u00e4da \u00e5t sin egen skola, vi b\u00f6t turer s\u00e5 att solisterna fick sjunga sina solon d\u00e5 den egna skolan var i publiken.<\/p>\n<p>Mellan f\u00f6rest\u00e4llningarna fick vi g\u00e5 och \u00e4ta i skolans matsal. Donnerskas elever var nyfikna och ville veta vad som h\u00e4nde i festsalen bakom d\u00f6rrarna som t\u00e4ckts med svarta sopp\u00e5sar, och de f\u00f6rs\u00f6kte titt som t\u00e4tt kika in i den m\u00f6rklagda salen. Till sist fick sjundeklassisterna g\u00e5 p\u00e5 en f\u00f6rest\u00e4llning p\u00e5 onsdagen.<\/p>\n<p>Torsdagen var en sk. ledig dag, som avnj\u00f6ts i respektive egna skolor. Skolg\u00e5ngen f\u00e5r ju inte l\u00e4mna, fast\u00e4n man skulle vara en turnerande operas\u00e5ngare.<\/p>\n<p>Under fredagen v\u00e4ntade tv\u00e5 f\u00f6rest\u00e4llningar i Stj\u00e4rnhallen i Nykarleby. Vi startade fr\u00e5n Jungsborg med Dahls busstransport redan vid \u00e5ttasn\u00e5ret p\u00e5 morgonen. Vi \u00e5kte via s\u00e5v\u00e4l Larsmo som Kronoby, s\u00e5 att alla indianer kom sig med.<br \/>\nI Nykarleby upptr\u00e4dde vi igen \u00e5t l\u00e5gstadieskolor. I den lilla staden finns \u00e4ven en finskspr\u00e5kig skola med ca. 40 elever, en skola ingen av oss vetat om. \u00c4ven de kom f\u00f6r att se oss. Platsen vi upptr\u00e4dde p\u00e5, Stj\u00e4rnhallen, \u00e4r en fin renoverad idrottshall, med en stor sal och trevlig aula (d\u00e4r vi bl.a. hittade ett bordfotbollsspel).<\/p>\n<p>Med skolstart och h\u00f6st f\u00f6ljer ofta \u00e4ven influensatider. Bl.a. I Nedervetil hoppade vi in f\u00f6r varandra och utf\u00f6rde andras roller p\u00e5 ett proffsigt vis. Det \u00e4r ganska tufft att komma ih\u00e5g b\u00e5de sina egna och andras uppgifter p\u00e5 scenen. F\u00f6rest\u00e4llningarna gick riktigt bra!<\/p>\n<p>I Runebergssalen i Jakobstad v\u00e4ntade den st\u00f6rsta salen, men endast en tredjedel av salen var i anv\u00e4ndning. P\u00e5 grund av ett missf\u00f6rst\u00e5nd fanns h\u00e4r \u00e4ven den st\u00f6rsta publiken, och det r\u00e5kade sig \u00e4ven s\u00e5 att alla f\u00f6rskole-elever var p\u00e5 samma f\u00f6rest\u00e4llning. De var v\u00e4ldigt vilda, och det var sv\u00e5rt att sjunga och koncentrera sig d\u00e5 publiken h\u00e4rjade. N\u00e5v\u00e4l, nu har vi varit med om s\u00e5dant ocks\u00e5, publiken sitter inte alltid blickstilla. Eftermiddagens f\u00f6rest\u00e4llning gick igen b\u00e4ttre, d\u00e5 publiken bestod av l\u00e5gstadiernas h\u00f6gre klasser.<\/p>\n<p>Runebergssalen ligger i en finsk l\u00e5gstadieskola, L\u00e4nsinummen koulu, och vi hann bekanta oss med flera av skolans elever i samband med maten. N\u00e5gra av oss fick \u00e4ven dela ut autografer, det k\u00e4ndes f\u00f6rst konstigt!<\/p>\n<p>Under v\u00e5r turn\u00e9 i \u00d6sterbotten m\u00e4rkte vi att skolmaten inte f\u00f6ljer samma listor och ordningar. P\u00e5 tre st\u00e4llen i rad, Nykarleby, Nedervetil och Jakobstad, fick vi korvs\u00e5s. Vi hann bli ena korvs\u00e5s-k\u00e4nnare! Vi hoppades innerligt p\u00e5 att INTE f\u00e5 korvs\u00e5s under onsdagen vid Folkh\u00e4lsan.<\/p>\n<p>Vid Folkh\u00e4lsan i Jakobstad, som \u00e4r ett rehabiliteringshus inneh\u00e5llandes \u00e5ldringshemsavdelningar, en vattenjumppahall osv, upptr\u00e4dde vi f\u00f6r Lagmans skola samt \u00e5t Folkh\u00e4lsans egna inv\u00e5nare. Det var kul att upptr\u00e4da \u00e5t lite \u00e4ldre ocks\u00e5, man kunde riktigt se hur det nj\u00f6t av f\u00f6rest\u00e4llningen! Pl\u00f6tsligt m\u00e4rkte vi att vi var inne p\u00e5 de tv\u00e5 sista f\u00f6rest\u00e4llningarna! Oj, vad tiden g\u00e5tt fort!<\/p>\n<p>I samband med maten (vi fick inte korvs\u00e5s, som tur!) ber\u00e4ttade Markku, Snabba Bj\u00f6rnen, att han hade en \u00f6verraskning som tack f\u00f6r sommaren samt h\u00f6stens turn\u00e9. Vi hade redan n\u00e5gra dagar sedan f\u00e5tt h\u00f6ra att han hade n\u00e5got p\u00e5 lur. In bars en kaka, och inte vilken kaka som helst, utan en t\u00e5rta med h\u00e4star, indiant\u00e4lt och skog! V\u00e5r riktigt egna H\u00e4starna kommer-kaka! Markku fick m\u00e5nga kramar den eftermiddagen, och nog smakade den s\u00f6ta marr\u00e4ngen gott!<\/p>\n<p>S\u00e5 blev det dags f\u00f6r den sista bussresan hem mot Karleby. Vi b\u00f6t telefonnummer sinsemellan, och lovade att h\u00e5lla kontakten med varandra. Vi hade alla f\u00e5tt s\u00e5 m\u00e5nga nya kompisar, b\u00e5de svensk- och finskspr\u00e5kiga. Om n\u00e5gon inte f\u00f6rstod tolkade vi varandra, d\u00e5 s\u00e5 m\u00e5nga av oss var tv\u00e5spr\u00e5kiga. En del av oss kanske m\u00f6ts igen n\u00e4sta \u00e5r, i Carmens barnk\u00f6r. D\u00e5 blir det spr\u00e5kbad igen \u2013 man m\u00e5ste sjunga p\u00e5 franska! F\u00e5 se vad vi f\u00e5r uppleva d\u00e5.<\/p>\n<p>\/ Sara Nikula, turn\u00e9v\u00e4rdinna[\/vc_column_text][\/vc_column][\/vc_row][vc_row][vc_column width=&#8221;1\/1&#8243;][vc_single_image image=&#8221;4063&#8243; border_color=&#8221;black&#8221; img_link_large=&#8221;&#8221; img_link_target=&#8221;_self&#8221; img_size=&#8221;560&#8243; style=&#8221;vc_box_outline&#8221;][\/vc_column][\/vc_row][vc_row][vc_column width=&#8221;1\/1&#8243;][vc_column_text]<strong>Cary John Franklin: H\u00e4starna Kommer<\/strong><\/p>\n<p>BARNOPERA (P\u00e5 svenska)<br \/>\nFinlandspremi\u00e4r<\/p>\n<p><a>Konstn\u00e4rlig ledare: Anu Komsi\u00a0<\/a><br \/>\nRegiss\u00f6r: Mats Holmqvist<br \/>\n<a>K\u00f6ransvarig: Mari Sillanp\u00e4\u00e4\u00a0<\/a><br \/>\nOrkester: Alf Myll\u00e4ri<br \/>\nLibrettots \u00f6vers\u00e4ttning: Pauliina Holmqvist<\/p>\n<p>Samarbetspartners: Nordiska Konstskolan, Estradskolan, Karleby<br \/>\nUngdomsf\u00f6rening, Mellersta \u00d6sterbottens Konservatorium[\/vc_column_text][vc_column_text]<\/p>\n<h4>H\u00e4starna kommer\u00a0-sammanfattning<\/h4>\n<p>Syskonen Videblomman (Willow Flower) och L\u00e5ngpilen (Long Arrow) blir tidigt f\u00f6r\u00e4ldral\u00f6sa. Videblomman \u00e4r s\u00f6t och glad, och m\u00e5nga i indianstammen vill adoptera henne. L\u00e5ngpilen \u00e4r d\u00f6v, och blir retad av de andra barnen. Han trivs mest f\u00f6r sig sj\u00e4lv och kommer bra \u00f6verens med vilda djur. N\u00e4r indianstammen ska flytta till ett nytt st\u00e4lle blir L\u00e5ngpilen efter, f\u00f6r det \u00e4r ingen som tar hand om honom. D\u00e5 ser Snabba Bj\u00f6rnen (Running Bear) pojken, och tar honom med sig till sitt hem. Snabba Bj\u00f6rnen \u00e4r en stolt krigare och en vis man. Han g\u00f6r s\u00e5 att L\u00e5ngpilen kan h\u00f6ra igen. Sm\u00e5ningom vill L\u00e5ngpilen visa att han ocks\u00e5 \u00e4r modig och stark. Han ger sig av p\u00e5 en f\u00e4rd f\u00f6r att finna ett djur som s\u00e4gs vara st\u00f6rre, starkare och vackrare \u00e4n \u00e4lgen. Ingen har tidigare \u00e5terv\u00e4nt fr\u00e5n resan. Han tr\u00e4ffar Barnet Under Vattnet (Child from Under the Water) vid en sj\u00f6, och hon hj\u00e4lper honom att hitta de magnifika h\u00e4starna. Han vandrar den l\u00e5nga v\u00e4gen hem, utan att v\u00e4nda sig om. H\u00e4starna f\u00f6ljer efter honom till byn och blir kvar hos m\u00e4nniskorna.[\/vc_column_text][\/vc_column][\/vc_row]<\/p>\n<\/div>","protected":false},"excerpt":{"rendered":"<p>[vc_row][vc_column width=&#8221;1\/1&#8243;][vc_column_text] (2009)\u00a0H\u00e4starna Kommer -skolturn\u00e9 [\/vc_column_text][vc_column_text]7.9.-16.9.2009 Karleby, Donnerska skolan, 7.-9.9. Nykarleby, Stj\u00e4rnhallen, 11.9. Nedervetil, 14.9. Jakobstad, Runebergssalen, 15.9. Jakobstad, Folkh\u00e4lsan, 16.9. H\u00e4starna kommer \u2013ensemblens operasommar var inte \u00f6ver, \u00e4ven om Karleby Operasommar hann upplevas och skolorna b\u00f6rjade. Barnoperan slapp n\u00e4mligen ut p\u00e5 turn\u00e9 i de \u00f6sterbottniska skolorna 7.-16.9. S\u00e5 vi skulle komma in i den &#8230; <a title=\"(2009) Cary John Franklin: H\u00e4starna Kommer\" class=\"read-more\" href=\"https:\/\/kokkolaopera.com\/sv\/hastarna-kommer-arkiv\/\" aria-label=\"L\u00e4s mer om (2009) Cary John Franklin: H\u00e4starna Kommer\">L\u00e4s mer<\/a><\/p>\n","protected":false},"author":1,"featured_media":0,"parent":0,"menu_order":0,"comment_status":"open","ping_status":"closed","template":"","meta":{"ngg_post_thumbnail":0,"footnotes":""},"class_list":["post-5213","page","type-page","status-publish"],"_links":{"self":[{"href":"https:\/\/kokkolaopera.com\/sv\/wp-json\/wp\/v2\/pages\/5213","targetHints":{"allow":["GET"]}}],"collection":[{"href":"https:\/\/kokkolaopera.com\/sv\/wp-json\/wp\/v2\/pages"}],"about":[{"href":"https:\/\/kokkolaopera.com\/sv\/wp-json\/wp\/v2\/types\/page"}],"author":[{"embeddable":true,"href":"https:\/\/kokkolaopera.com\/sv\/wp-json\/wp\/v2\/users\/1"}],"replies":[{"embeddable":true,"href":"https:\/\/kokkolaopera.com\/sv\/wp-json\/wp\/v2\/comments?post=5213"}],"version-history":[{"count":0,"href":"https:\/\/kokkolaopera.com\/sv\/wp-json\/wp\/v2\/pages\/5213\/revisions"}],"wp:attachment":[{"href":"https:\/\/kokkolaopera.com\/sv\/wp-json\/wp\/v2\/media?parent=5213"}],"curies":[{"name":"wp","href":"https:\/\/api.w.org\/{rel}","templated":true}]}}