{"id":3611,"date":"2015-02-24T21:04:10","date_gmt":"2015-02-24T21:04:10","guid":{"rendered":"http:\/\/kokkolaopera.com\/?page_id=3611"},"modified":"2022-10-24T09:41:58","modified_gmt":"2022-10-24T06:41:58","slug":"index-2","status":"publish","type":"page","link":"https:\/\/kokkolaopera.com\/sv\/","title":{"rendered":"F\u00f6rsta sidan"},"content":{"rendered":"<div class=\"wpb-content-wrapper\"><p>[vc_row][vc_column][vc_column_text][\/vc_column_text][\/vc_column][\/vc_row][vc_row][vc_column][vc_separator][\/vc_column][\/vc_row][vc_row][vc_column][vc_column_text]<\/p>\n<h5 style=\"text-align: center;\">Meddelande Kokkola Operasommar 28.05.2018<\/h5>\n<p>&nbsp;<\/p>\n<p>Ang\u00e5ende avh\u00f6rning av Karleby Operaf\u00f6reningens verksamhet under \u00e5ret 2018. F\u00f6reningen har producerat operafestivalen Karleby Operasommar 2006-2018, samt g\u00e4stspel under namnet West Coast Kokkola Opera i Finland och Sverige: Helsingfors Musikhuset 2017 Carmen\/2017 Polstj\u00e4rnan, Helsingfors Kabelfabriken 2008 L\u00e4derlappen\/2009 Lulu, Oulunsalo musikfestspel 2009 D\u00f6beln, \u00c5bo Musikfestspel 2009 D\u00f6beln, Stockholms Konserthus 2009 D\u00f6beln, Ume\u00e5 Norrlandsoperan 2009 D\u00f6beln, Jakobstad barnoperor H\u00e4starna Kommer 2009 och Sotarpojken 2013.<\/p>\n<p>Karleby operaf\u00f6rening rf. avslutar sin verksamhet under \u00e5ret 2018 fr\u00e5n toppniv\u00e5. Ekonomin \u00e4r i gott skick och Finland 100-jubileums\u00e5rets storproduktion 2017, Giacomo Meyerbeers Polstj\u00e4rnan blev en framg\u00e5ng s\u00e5v\u00e4l i Kaleby operasommar som i Musikhuset i Helsingfors i november. Karleby Operasommar blev Finlands internationellt mest uppskattade festival, d\u00e5 den st\u00f6rsta operatidskriften Opernwelt n\u00e4mnde den p\u00e5 sin framsida, med bild, till Finlands mest intressanta och h\u00f6gklassiga opera-akt\u00f6r i 2012, och d\u00e5 inspelningarna av Sebastian Fagerlunds och Heinz- Juhani Ho\ufb00manns operor hade f\u00e5tt stor upm\u00e4rksamhet i pressen runtom i v\u00e4rlden.<\/p>\n<p><a href=\"http:\/\/kokkolaopera.com\/sv\/meddelande-kokkola-operasommar-28-05-2018\/\">L\u00e4s mer&#8230;<\/a><\/p>\n<p>&nbsp;<\/p>\n<div class='w3eden'><!-- WPDM Link Template: Default Template -->\n\n<div class=\"link-template-default card mb-2\">\n    <div class=\"card-body\">\n        <div class=\"media\">\n            <div class=\"mr-3 img-48\"><img decoding=\"async\" class=\"wpdm_icon\" alt=\"Icon\" src=\"https:\/\/kokkolaopera.com\/wp-content\/plugins\/download-manager\/assets\/file-type-icons\/pdf.svg\" \/><\/div>\n            <div class=\"media-body\">\n                <h3 class=\"package-title\"><a href='https:\/\/kokkolaopera.com\/sv\/download\/meddelande-kokkola-operasommar-28-05-2018\/'>Meddelande Kokkola Operasommar 28.05.2018<\/a><\/h3>\n                <div class=\"text-muted text-small\"><i class=\"fas fa-copy\"><\/i> 1 file(s) <i class=\"fas fa-hdd ml-3\"><\/i> 18.93 KB<\/div>\n            <\/div>\n            <div class=\"ml-3\">\n                <a class='wpdm-download-link download-on-click btn btn-primary ' rel='nofollow' href='#' data-downloadurl=\"https:\/\/kokkolaopera.com\/sv\/download\/meddelande-kokkola-operasommar-28-05-2018\/?wpdmdl=8221&refresh=69ef46d7b2a721777288919\">Download<\/a>\n            <\/div>\n        <\/div>\n    <\/div>\n<\/div>\n\n<\/div>\n<div class=\"pcl_tooltip_box\" style=\"display: none;\">\n<p>Image already added<\/p>\n<div class=\"arrow border\">&nbsp;<\/div>\n<div class=\"arrow\">&nbsp;<\/div>\n<\/div>\n<div class=\"pcl_global_mask\" style=\"display: none;\">&nbsp;<\/div>\n<p>[\/vc_column_text][vc_separator][vc_column_text]<\/p>\n<h5 class=\"title style-scope ytd-video-primary-info-renderer\" style=\"text-align: center;\">Heinz-Juhani Hofmann: Ahti Karjalainen \u2013 El\u00e4m\u00e4, Kekkonen ja Teot, libretto Juha Hurme<\/h5>\n<p>[\/vc_column_text][vc_video link=&#8221;https:\/\/youtu.be\/tzEXinJMNLs&#8221; el_width=&#8221;90&#8243; align=&#8221;center&#8221;][vc_separator][vc_column_text]<\/p>\n<h5 style=\"text-align: center;\">Onward on demand in Yle Areena, enjoy the german-french bel canto in carelian nuances!<\/h5>\n<h5 style=\"text-align: center;\"><a href=\"https:\/\/areena.yle.fi\/1-4088312\" target=\"_blank\" rel=\"noopener\">https:\/\/areena.yle.fi\/1-4088312<\/a><\/h5>\n<p>[\/vc_column_text][\/vc_column][\/vc_row]<\/p>\n<\/div>","protected":false},"excerpt":{"rendered":"<p>[vc_row][vc_column][vc_column_text][\/vc_column_text][\/vc_column][\/vc_row][vc_row][vc_column][vc_separator][\/vc_column][\/vc_row][vc_row][vc_column][vc_column_text] Meddelande Kokkola Operasommar 28.05.2018 &nbsp; Ang\u00e5ende avh\u00f6rning av Karleby Operaf\u00f6reningens verksamhet under \u00e5ret 2018. F\u00f6reningen har producerat operafestivalen Karleby Operasommar 2006-2018, samt g\u00e4stspel under namnet West Coast Kokkola Opera i Finland och Sverige: Helsingfors Musikhuset 2017 Carmen\/2017 Polstj\u00e4rnan, Helsingfors Kabelfabriken 2008 L\u00e4derlappen\/2009 Lulu, Oulunsalo musikfestspel 2009 D\u00f6beln, \u00c5bo Musikfestspel 2009 D\u00f6beln, Stockholms Konserthus 2009 &#8230; <a title=\"F\u00f6rsta sidan\" class=\"read-more\" href=\"https:\/\/kokkolaopera.com\/sv\/\" aria-label=\"L\u00e4s mer om F\u00f6rsta sidan\">L\u00e4s mer<\/a><\/p>\n","protected":false},"author":1,"featured_media":0,"parent":0,"menu_order":0,"comment_status":"closed","ping_status":"closed","template":"","meta":{"ngg_post_thumbnail":0,"footnotes":""},"class_list":["post-3611","page","type-page","status-publish"],"_links":{"self":[{"href":"https:\/\/kokkolaopera.com\/sv\/wp-json\/wp\/v2\/pages\/3611","targetHints":{"allow":["GET"]}}],"collection":[{"href":"https:\/\/kokkolaopera.com\/sv\/wp-json\/wp\/v2\/pages"}],"about":[{"href":"https:\/\/kokkolaopera.com\/sv\/wp-json\/wp\/v2\/types\/page"}],"author":[{"embeddable":true,"href":"https:\/\/kokkolaopera.com\/sv\/wp-json\/wp\/v2\/users\/1"}],"replies":[{"embeddable":true,"href":"https:\/\/kokkolaopera.com\/sv\/wp-json\/wp\/v2\/comments?post=3611"}],"version-history":[{"count":0,"href":"https:\/\/kokkolaopera.com\/sv\/wp-json\/wp\/v2\/pages\/3611\/revisions"}],"wp:attachment":[{"href":"https:\/\/kokkolaopera.com\/sv\/wp-json\/wp\/v2\/media?parent=3611"}],"curies":[{"name":"wp","href":"https:\/\/api.w.org\/{rel}","templated":true}]}}